{"id":264,"date":"2017-11-03T10:11:44","date_gmt":"2017-11-03T16:11:44","guid":{"rendered":"http:\/\/bridge101.qodeinteractive.com\/?page_id=264"},"modified":"2020-02-18T11:28:00","modified_gmt":"2020-02-18T17:28:00","slug":"noticias","status":"publish","type":"page","link":"https:\/\/adhocconsultores.com.mx\/es\/noticias\/","title":{"rendered":"Noticias del Sector"},"content":{"rendered":"<div      class=\"vc_row wpb_row section vc_row-fluid \" style=' text-align:left;'><div class=\" full_section_inner clearfix\"><div class=\"wpb_column vc_column_container vc_col-sm-12\"><div class=\"vc_column-inner\"><div class=\"wpb_wrapper\">\t<div class=\"vc_empty_space\"  style=\"height: 80px\" ><span\n\t\t\tclass=\"vc_empty_space_inner\">\n\t\t\t<span class=\"empty_space_image\"  ><\/span>\n\t\t<\/span><\/div>\n\n<\/div><\/div><\/div><\/div><\/div><div      class=\"vc_row wpb_row section vc_row-fluid \" style=' text-align:left;'><div class=\" full_section_inner clearfix\"><div class=\"wpb_column vc_column_container vc_col-sm-3\"><div class=\"vc_column-inner\"><div class=\"wpb_wrapper\"><\/div><\/div><\/div><div class=\"wpb_column vc_column_container vc_col-sm-6\"><div class=\"vc_column-inner\"><div class=\"wpb_wrapper\">\n\t<div class=\"wpb_text_column wpb_content_element \">\n\t\t<div class=\"wpb_wrapper\">\n\t\t\t<h2 style=\"text-align: center;\"><span style=\"color: #2670ca;\">Noticias de Infraestructura<\/span><\/h2>\n\n\t\t<\/div> \n\t<\/div> \t<div class=\"vc_empty_space\"  style=\"height: 40px\" ><span\n\t\t\tclass=\"vc_empty_space_inner\">\n\t\t\t<span class=\"empty_space_image\"  ><\/span>\n\t\t<\/span><\/div>\n\n\n\t<div class=\"wpb_text_column wpb_content_element \">\n\t\t<div class=\"wpb_wrapper\">\n\t\t\t<h4 style=\"text-align: center;\">En ADHOC nos esforzamos en mantenerlo informado sobre los acontecimientos relevantes del mundo de la infraestructura.<\/h4>\n\n\t\t<\/div> \n\t<\/div> <\/div><\/div><\/div><div class=\"wpb_column vc_column_container vc_col-sm-3\"><div class=\"vc_column-inner\"><div class=\"wpb_wrapper\"><\/div><\/div><\/div><\/div><\/div><div      class=\"vc_row wpb_row section vc_row-fluid \" style=' text-align:left;'><div class=\" full_section_inner clearfix\"><div class=\"wpb_column vc_column_container vc_col-sm-12\"><div class=\"vc_column-inner\"><div class=\"wpb_wrapper\">\t<div class=\"vc_empty_space\"  style=\"height: 80px\" ><span\n\t\t\tclass=\"vc_empty_space_inner\">\n\t\t\t<span class=\"empty_space_image\"  ><\/span>\n\t\t<\/span><\/div>\n\n<\/div><\/div><\/div><\/div><\/div><div      class=\"vc_row wpb_row section vc_row-fluid \" style=' text-align:left;'><div class=\" full_section_inner clearfix\"><div class=\"wpb_column vc_column_container vc_col-sm-2 vc_hidden-sm vc_hidden-xs\"><div class=\"vc_column-inner\"><div class=\"wpb_wrapper\"><\/div><\/div><\/div><div class=\"wpb_column vc_column_container vc_col-sm-8 vc_hidden-sm vc_hidden-xs\"><div class=\"vc_column-inner\"><div class=\"wpb_wrapper\">\n\t<div class=\"q_accordion_holder clearfix wpb_content_element toggle without_icon  not-column-inherit\" data-active-tab=\"1\" data-collapsible=\"no\" data-border-radius=\"\">\n\t\t\t\n\t\t\t\t<h5 class=\"clearfix title-holder\" style=\"color: #6d6d6d; background-color: #eaeaea;\"><span class=\"accordion_mark left_mark\"><span class=\"accordion_mark_icon\"><\/span><\/span><span class=\"tab-title\">17 FEB, 2020 - AS\u00cd AVANZAN LAS OBRAS DEL AEROPUERTO DE SANTA LUC\u00cdA<\/span><span class=\"accordion_mark right_mark\"><span class=\"accordion_mark_icon\"><\/span><\/span><\/h5>\n\t\t\t\t<div  class=\"accordion_content no_icon\">\n\t\t\t<div class=\"accordion_content_inner\">\n\t\t\t\t<div      class=\"vc_row wpb_row section vc_row-fluid vc_inner \" style=' text-align:left;'><div class=\" full_section_inner clearfix\"><div class=\"wpb_column vc_column_container vc_col-sm-3\"><div class=\"vc_column-inner\"><div class=\"wpb_wrapper\">\t<div class=\"vc_empty_space\"  style=\"height: 60px\" ><span\n\t\t\tclass=\"vc_empty_space_inner\">\n\t\t\t<span class=\"empty_space_image\"  ><\/span>\n\t\t<\/span><\/div>\n\n\n\t<div class=\"wpb_single_image wpb_content_element vc_align_center\">\n\t\t<div class=\"wpb_wrapper\">\n\t\t\t\n\t\t\t<div class=\"vc_single_image-wrapper vc_box_circle  vc_box_border_grey\"><img decoding=\"async\" width=\"150\" height=\"150\" data-src=\"https:\/\/adhocconsultores.com.mx\/wp-content\/uploads\/2020\/02\/Aeropuerto-Santa-Luc\u00eda-150x150.jpg\" class=\"vc_single_image-img attachment-thumbnail lazyload\" alt=\"\" data-srcset=\"https:\/\/adhocconsultores.com.mx\/wp-content\/uploads\/2020\/02\/Aeropuerto-Santa-Luc\u00eda-150x150.jpg 150w, https:\/\/adhocconsultores.com.mx\/wp-content\/uploads\/2020\/02\/Aeropuerto-Santa-Luc\u00eda-570x570.jpg 570w, https:\/\/adhocconsultores.com.mx\/wp-content\/uploads\/2020\/02\/Aeropuerto-Santa-Luc\u00eda-600x596.jpg 600w, https:\/\/adhocconsultores.com.mx\/wp-content\/uploads\/2020\/02\/Aeropuerto-Santa-Luc\u00eda-500x500.jpg 500w\" data-sizes=\"(max-width: 150px) 100vw, 150px\" src=\"data:image\/svg+xml;base64,PHN2ZyB3aWR0aD0iMSIgaGVpZ2h0PSIxIiB4bWxucz0iaHR0cDovL3d3dy53My5vcmcvMjAwMC9zdmciPjwvc3ZnPg==\" style=\"--smush-placeholder-width: 150px; --smush-placeholder-aspect-ratio: 150\/150;\" \/><\/div>\n\t\t<\/div>\n\t<\/div>\n\t<div class=\"vc_empty_space\"  style=\"height: 20px\" ><span\n\t\t\tclass=\"vc_empty_space_inner\">\n\t\t\t<span class=\"empty_space_image\"  ><\/span>\n\t\t<\/span><\/div>\n\n\n\t<div class=\"wpb_text_column wpb_content_element \">\n\t\t<div class=\"wpb_wrapper\">\n\t\t\t<h6 style=\"text-align: center;\"><span class=\"post-created\">17 FEB, 2020<\/span><span class=\"post-created\"> &#8211; Ciudad de M\u00e9xico<\/span><\/h6>\n\n\t\t<\/div> \n\t<\/div> <\/div><\/div><\/div><div class=\"wpb_column vc_column_container vc_col-sm-9\"><div class=\"vc_column-inner\"><div class=\"wpb_wrapper\">\t<div class=\"vc_empty_space\"  style=\"height: 20px\" ><span\n\t\t\tclass=\"vc_empty_space_inner\">\n\t\t\t<span class=\"empty_space_image\"  ><\/span>\n\t\t<\/span><\/div>\n\n\n\t<div class=\"wpb_text_column wpb_content_element \">\n\t\t<div class=\"wpb_wrapper\">\n\t\t\t<h6 style=\"color: #848484; text-align: left;\"><strong>Lee la noticia completa aqu\u00ed:<\/strong><\/h6>\n\n\t\t<\/div> \n\t<\/div> \t<div class=\"vc_empty_space\"  style=\"height: 20px\" ><span\n\t\t\tclass=\"vc_empty_space_inner\">\n\t\t\t<span class=\"empty_space_image\"  ><\/span>\n\t\t<\/span><\/div>\n\n\n\t<div class=\"wpb_text_column wpb_content_element \">\n\t\t<div class=\"wpb_wrapper\">\n\t\t\t<h4><a href=\"https:\/\/www.milenio.com\/negocios\/aeropuerto-santa-lucia-amlo-actualiza-avance-obras\">As\u00ed avanzan las obras del aeropuerto de Santa Luc\u00eda<\/a><\/h4>\n\n\t\t<\/div> \n\t<\/div> \t<div class=\"vc_empty_space\"  style=\"height: 10px\" ><span\n\t\t\tclass=\"vc_empty_space_inner\">\n\t\t\t<span class=\"empty_space_image\"  ><\/span>\n\t\t<\/span><\/div>\n\n\n\t<div class=\"wpb_text_column wpb_content_element \">\n\t\t<div class=\"wpb_wrapper\">\n\t\t\t<p>En general, la obra ya logr\u00f3 un avance de m\u00e1s de 5 por ciento. Descubre aqu\u00ed c\u00f3mo va la construcci\u00f3n del nuevo aeropuerto.<\/p>\n<p>El aeropuerto de Santa Luc\u00eda, que llevar\u00e1 por nombre &#8220;General Felipe \u00c1ngeles&#8221;, arranc\u00f3 su construcci\u00f3n en octubre pese a una serie de amparos, meses despu\u00e9s de la cancelaci\u00f3n del Nuevo Aeropuerto Internacional de M\u00e9xico (NAIM) en Texcoco. Hasta ahora, as\u00ed avanzan la obras, de acuerdo con los videos que cada semana exhibe el presidente Andr\u00e9s Manuel L\u00f3pez Obrador en su conferencia matutina &#8220;para que entre todos vayamos constatando c\u00f3mo se van a ir edificando estas importantes obras&#8221;.<\/p>\n<h5>17 de febrero, 5.40% de avance<\/h5>\n<p>Avance general de la obra: 5.40% en 123 d\u00edas, con $1,887 millones.<\/p>\n<p>Terminal de combustible: 5.63% de avance.<\/p>\n<p>Base a\u00e9rea militar: 11.83% de avance.<\/p>\n<p>Torre de control: 5.45% de avance.<\/p>\n<p>Eje troncal: 4.44% de avance.<\/p>\n<p>Edificio terminal de pasajeros: 1.92% de avance.<\/p>\n<p>Estacionamiento: 11.31% de avance.<\/p>\n<p>Empleos civiles generados: 9 mil 824 y 924 militares laborando.<\/p>\n<p>Faltan 763 d\u00edas de construcci\u00f3n.<\/p>\n\n\t\t<\/div> \n\t<\/div> \t<div class=\"vc_empty_space\"  style=\"height: 20px\" ><span\n\t\t\tclass=\"vc_empty_space_inner\">\n\t\t\t<span class=\"empty_space_image\"  ><\/span>\n\t\t<\/span><\/div>\n\n<\/div><\/div><\/div><\/div><\/div>\n\t\t\t<\/div>\n\t\t\t\t<\/div>\n\n\t\t\t\t<h5 class=\"clearfix title-holder\" style=\"color: #6d6d6d; background-color: #eaeaea;\"><span class=\"accordion_mark left_mark\"><span class=\"accordion_mark_icon\"><\/span><\/span><span class=\"tab-title\">09 FEB, 2020 - ABREN A FIRMAS FOR\u00c1NEAS PRIMERA LICITACI\u00d3N PARA EL TREN MAYA<\/span><span class=\"accordion_mark right_mark\"><span class=\"accordion_mark_icon\"><\/span><\/span><\/h5>\n\t\t\t\t<div  class=\"accordion_content no_icon\">\n\t\t\t<div class=\"accordion_content_inner\">\n\t\t\t\t<div      class=\"vc_row wpb_row section vc_row-fluid vc_inner \" style=' text-align:left;'><div class=\" full_section_inner clearfix\"><div class=\"wpb_column vc_column_container vc_col-sm-3\"><div class=\"vc_column-inner\"><div class=\"wpb_wrapper\">\t<div class=\"vc_empty_space\"  style=\"height: 60px\" ><span\n\t\t\tclass=\"vc_empty_space_inner\">\n\t\t\t<span class=\"empty_space_image\"  ><\/span>\n\t\t<\/span><\/div>\n\n\n\t<div class=\"wpb_text_column wpb_content_element \">\n\t\t<div class=\"wpb_wrapper\">\n\t\t\t<h6 style=\"text-align: center;\"><span class=\"post-created\">09 FEB, 2020<\/span><span class=\"post-created\"> &#8211; Alejandro De La Rosa<\/span><\/h6>\n\n\t\t<\/div> \n\t<\/div> <\/div><\/div><\/div><div class=\"wpb_column vc_column_container vc_col-sm-9\"><div class=\"vc_column-inner\"><div class=\"wpb_wrapper\">\t<div class=\"vc_empty_space\"  style=\"height: 20px\" ><span\n\t\t\tclass=\"vc_empty_space_inner\">\n\t\t\t<span class=\"empty_space_image\"  ><\/span>\n\t\t<\/span><\/div>\n\n\n\t<div class=\"wpb_text_column wpb_content_element \">\n\t\t<div class=\"wpb_wrapper\">\n\t\t\t<h6 style=\"color: #848484; text-align: left;\"><strong>Lee la noticia completa aqu\u00ed:<\/strong><\/h6>\n\n\t\t<\/div> \n\t<\/div> \t<div class=\"vc_empty_space\"  style=\"height: 20px\" ><span\n\t\t\tclass=\"vc_empty_space_inner\">\n\t\t\t<span class=\"empty_space_image\"  ><\/span>\n\t\t<\/span><\/div>\n\n\n\t<div class=\"wpb_text_column wpb_content_element \">\n\t\t<div class=\"wpb_wrapper\">\n\t\t\t<h4><a href=\"https:\/\/www.eleconomista.com.mx\/empresas\/Abren-a-firmas-foraneas-primera-licitacion-para-el-Tren-Maya-20200209-0106.html\">Abren a firmas for\u00e1neas primera licitaci\u00f3n para el Tren Maya<\/a><\/h4>\n\n\t\t<\/div> \n\t<\/div> \t<div class=\"vc_empty_space\"  style=\"height: 10px\" ><span\n\t\t\tclass=\"vc_empty_space_inner\">\n\t\t\t<span class=\"empty_space_image\"  ><\/span>\n\t\t<\/span><\/div>\n\n\n\t<div class=\"wpb_text_column wpb_content_element \">\n\t\t<div class=\"wpb_wrapper\">\n\t\t\t<p>El Fondo Nacional de Fomento al Turismo (Fonatur) public\u00f3 el viernes pasado la primera convocatoria para la licitaci\u00f3n de car\u00e1cter internacional (en las prebases hab\u00eda planteado un concurso nacional) para elaborar el proyecto ejecutivo, suministro de materiales y construcci\u00f3n de plataforma y v\u00eda del primer tramo del Tren Maya, Palenque-Esc\u00e1rcega, en la cual se precisa que para el presente a\u00f1o se cuenta con recursos presupuestales por 4,699.9 millones de pesos.<\/p>\n<p>Debido a que los trabajos deber\u00e1n estar concluidos en un plazo no mayor a 28 meses, se inform\u00f3 a los interesados que \u201cla suficiencia presupuestal para los ejercicios fiscales 2021 y 2022 estar\u00e1 sujeta a la autorizaci\u00f3n presupuestaria de la Secretar\u00eda de Hacienda y Cr\u00e9dito P\u00fablico en t\u00e9rminos del art\u00edculo 50 de la Ley Federal de Presupuesto y Responsabilidad Hacendaria y 148 de su reglamento\u201d.<\/p>\n\n\t\t<\/div> \n\t<\/div> \t<div class=\"vc_empty_space\"  style=\"height: 20px\" ><span\n\t\t\tclass=\"vc_empty_space_inner\">\n\t\t\t<span class=\"empty_space_image\"  ><\/span>\n\t\t<\/span><\/div>\n\n<\/div><\/div><\/div><\/div><\/div>\n\t\t\t<\/div>\n\t\t\t\t<\/div>\n\n\t\t\t\t<h5 class=\"clearfix title-holder\" style=\"color: #6d6d6d; background-color: #eaeaea;\"><span class=\"accordion_mark left_mark\"><span class=\"accordion_mark_icon\"><\/span><\/span><span class=\"tab-title\">05 FEB, 2020 - PULSO DEL SECTOR FERROVIARIO MEXICANO<\/span><span class=\"accordion_mark right_mark\"><span class=\"accordion_mark_icon\"><\/span><\/span><\/h5>\n\t\t\t\t<div  class=\"accordion_content no_icon\">\n\t\t\t<div class=\"accordion_content_inner\">\n\t\t\t\t<div      class=\"vc_row wpb_row section vc_row-fluid vc_inner \" style=' text-align:left;'><div class=\" full_section_inner clearfix\"><div class=\"wpb_column vc_column_container vc_col-sm-3\"><div class=\"vc_column-inner\"><div class=\"wpb_wrapper\">\t<div class=\"vc_empty_space\"  style=\"height: 60px\" ><span\n\t\t\tclass=\"vc_empty_space_inner\">\n\t\t\t<span class=\"empty_space_image\"  ><\/span>\n\t\t<\/span><\/div>\n\n\n\t<div class=\"wpb_single_image wpb_content_element vc_align_center\">\n\t\t<div class=\"wpb_wrapper\">\n\t\t\t\n\t\t\t<div class=\"vc_single_image-wrapper vc_box_circle  vc_box_border_grey\"><img decoding=\"async\" width=\"150\" height=\"150\" data-src=\"https:\/\/adhocconsultores.com.mx\/wp-content\/uploads\/2020\/02\/ARTF-150x150.jpg\" class=\"vc_single_image-img attachment-thumbnail lazyload\" alt=\"\" src=\"data:image\/svg+xml;base64,PHN2ZyB3aWR0aD0iMSIgaGVpZ2h0PSIxIiB4bWxucz0iaHR0cDovL3d3dy53My5vcmcvMjAwMC9zdmciPjwvc3ZnPg==\" style=\"--smush-placeholder-width: 150px; --smush-placeholder-aspect-ratio: 150\/150;\" \/><\/div>\n\t\t<\/div>\n\t<\/div>\n\t<div class=\"vc_empty_space\"  style=\"height: 20px\" ><span\n\t\t\tclass=\"vc_empty_space_inner\">\n\t\t\t<span class=\"empty_space_image\"  ><\/span>\n\t\t<\/span><\/div>\n\n\n\t<div class=\"wpb_text_column wpb_content_element \">\n\t\t<div class=\"wpb_wrapper\">\n\t\t\t<h6 style=\"text-align: center;\"><span class=\"post-created\">05 FEB, 2020<\/span><span class=\"post-created\"> &#8211; <\/span>Pulso del Sector Ferroviario Mexicano<\/h6>\n\n\t\t<\/div> \n\t<\/div> <\/div><\/div><\/div><div class=\"wpb_column vc_column_container vc_col-sm-9\"><div class=\"vc_column-inner\"><div class=\"wpb_wrapper\">\t<div class=\"vc_empty_space\"  style=\"height: 20px\" ><span\n\t\t\tclass=\"vc_empty_space_inner\">\n\t\t\t<span class=\"empty_space_image\"  ><\/span>\n\t\t<\/span><\/div>\n\n\n\t<div class=\"wpb_text_column wpb_content_element \">\n\t\t<div class=\"wpb_wrapper\">\n\t\t\t<h6 style=\"color: #848484; text-align: left;\"><strong>Lee la noticia completa aqu\u00ed:<\/strong><\/h6>\n\n\t\t<\/div> \n\t<\/div> \t<div class=\"vc_empty_space\"  style=\"height: 20px\" ><span\n\t\t\tclass=\"vc_empty_space_inner\">\n\t\t\t<span class=\"empty_space_image\"  ><\/span>\n\t\t<\/span><\/div>\n\n\n\t<div class=\"wpb_text_column wpb_content_element \">\n\t\t<div class=\"wpb_wrapper\">\n\t\t\t<h4 class=\"bottom-buffer\"><a href=\"https:\/\/www.gob.mx\/artf\/acciones-y-programas\/pulso-del-sector-ferroviario-mexicano-diciembre-2019\">Pulso del Sector Ferroviario Mexicano &#8211; Diciembre 2019<\/a><\/h4>\n\n\t\t<\/div> \n\t<\/div> \t<div class=\"vc_empty_space\"  style=\"height: 10px\" ><span\n\t\t\tclass=\"vc_empty_space_inner\">\n\t\t\t<span class=\"empty_space_image\"  ><\/span>\n\t\t<\/span><\/div>\n\n\n\t<div class=\"wpb_text_column wpb_content_element \">\n\t\t<div class=\"wpb_wrapper\">\n\t\t\t<p>ARTF difunde el Pulso del Sector Ferroviario Mexicano, documento que de manera mensual expone informaci\u00f3n puntual y relevante del sector durante dicho periodo y constituye pieza central de las acciones inmediatas de ARTF.<\/p>\n<p>La Agencia Reguladora del Transporte Ferroviario (ARTF), en ejercicio de su atribuci\u00f3n para elaborar, registrar y publicar la estad\u00edstica de los indicadores de los servicios ferroviarios, reconocida en la fracci\u00f3n XII, del art\u00edculo 6 Bis, de la Ley Reglamentaria del Servicio Ferroviario y de conformidad con las establecidas en su Decreto de Creaci\u00f3n como un \u00f3rgano desconcentrado de la Secretar\u00eda de Comunicaciones y Transportes, conforma y difunde el Reporte Pulso del Sistema Ferroviario Mexicano.<\/p>\n\n\t\t<\/div> \n\t<\/div> \t<div class=\"vc_empty_space\"  style=\"height: 20px\" ><span\n\t\t\tclass=\"vc_empty_space_inner\">\n\t\t\t<span class=\"empty_space_image\"  ><\/span>\n\t\t<\/span><\/div>\n\n<\/div><\/div><\/div><\/div><\/div>\n\t\t\t<\/div>\n\t\t\t\t<\/div>\n\n\t\t\t\t<h5 class=\"clearfix title-holder\" style=\"color: #6d6d6d; background-color: #eaeaea;\"><span class=\"accordion_mark left_mark\"><span class=\"accordion_mark_icon\"><\/span><\/span><span class=\"tab-title\">07 ENE, 2020 - FUNCIONARIOS DE AMLO PIDEN A DIPLOM\u00c1TICOS PROMOCIONAR EL TREN MAYA Y EL CORREDOR TRANS\u00cdSTMICO<\/span><span class=\"accordion_mark right_mark\"><span class=\"accordion_mark_icon\"><\/span><\/span><\/h5>\n\t\t\t\t<div  class=\"accordion_content no_icon\">\n\t\t\t<div class=\"accordion_content_inner\">\n\t\t\t\t<div      class=\"vc_row wpb_row section vc_row-fluid vc_inner \" style=' text-align:left;'><div class=\" full_section_inner clearfix\"><div class=\"wpb_column vc_column_container vc_col-sm-3\"><div class=\"vc_column-inner\"><div class=\"wpb_wrapper\">\t<div class=\"vc_empty_space\"  style=\"height: 60px\" ><span\n\t\t\tclass=\"vc_empty_space_inner\">\n\t\t\t<span class=\"empty_space_image\"  ><\/span>\n\t\t<\/span><\/div>\n\n\n\t<div class=\"wpb_single_image wpb_content_element vc_align_center\">\n\t\t<div class=\"wpb_wrapper\">\n\t\t\t\n\t\t\t<div class=\"vc_single_image-wrapper vc_box_circle  vc_box_border_grey\"><img decoding=\"async\" width=\"150\" height=\"150\" data-src=\"https:\/\/adhocconsultores.com.mx\/wp-content\/uploads\/2020\/02\/Noticia-AMLo-150x150.jpeg\" class=\"vc_single_image-img attachment-thumbnail lazyload\" alt=\"\" data-srcset=\"https:\/\/adhocconsultores.com.mx\/wp-content\/uploads\/2020\/02\/Noticia-AMLo-150x150.jpeg 150w, https:\/\/adhocconsultores.com.mx\/wp-content\/uploads\/2020\/02\/Noticia-AMLo-570x570.jpeg 570w, https:\/\/adhocconsultores.com.mx\/wp-content\/uploads\/2020\/02\/Noticia-AMLo-500x500.jpeg 500w\" data-sizes=\"(max-width: 150px) 100vw, 150px\" src=\"data:image\/svg+xml;base64,PHN2ZyB3aWR0aD0iMSIgaGVpZ2h0PSIxIiB4bWxucz0iaHR0cDovL3d3dy53My5vcmcvMjAwMC9zdmciPjwvc3ZnPg==\" style=\"--smush-placeholder-width: 150px; --smush-placeholder-aspect-ratio: 150\/150;\" \/><\/div>\n\t\t<\/div>\n\t<\/div>\n\t<div class=\"vc_empty_space\"  style=\"height: 20px\" ><span\n\t\t\tclass=\"vc_empty_space_inner\">\n\t\t\t<span class=\"empty_space_image\"  ><\/span>\n\t\t<\/span><\/div>\n\n\n\t<div class=\"wpb_text_column wpb_content_element \">\n\t\t<div class=\"wpb_wrapper\">\n\t\t\t<h6 style=\"text-align: center;\"><span class=\"post-created\">07 ENE, 2020<\/span><span class=\"post-created\">\u00a0&#8211; <\/span>Mathieu Tourliere<\/h6>\n\n\t\t<\/div> \n\t<\/div> <\/div><\/div><\/div><div class=\"wpb_column vc_column_container vc_col-sm-9\"><div class=\"vc_column-inner\"><div class=\"wpb_wrapper\">\t<div class=\"vc_empty_space\"  style=\"height: 20px\" ><span\n\t\t\tclass=\"vc_empty_space_inner\">\n\t\t\t<span class=\"empty_space_image\"  ><\/span>\n\t\t<\/span><\/div>\n\n\n\t<div class=\"wpb_text_column wpb_content_element \">\n\t\t<div class=\"wpb_wrapper\">\n\t\t\t<h6 style=\"color: #848484; text-align: left;\"><strong>Lee la noticia completa aqu\u00ed:<\/strong><\/h6>\n\n\t\t<\/div> \n\t<\/div> \t<div class=\"vc_empty_space\"  style=\"height: 20px\" ><span\n\t\t\tclass=\"vc_empty_space_inner\">\n\t\t\t<span class=\"empty_space_image\"  ><\/span>\n\t\t<\/span><\/div>\n\n\n\t<div class=\"wpb_text_column wpb_content_element \">\n\t\t<div class=\"wpb_wrapper\">\n\t\t\t<h4 style=\"text-align: left;\"><a href=\"https:\/\/www.proceso.com.mx\/613325\/funcionarios-de-amlo-piden-a-diplomaticos-promocionar-el-tren-maya-y-el-corredor-transistmico\">Funcionarios de AMLO piden a diplom\u00e1ticos promocionar el Tren Maya y el Corredor Trans\u00edstmico<\/a><\/h4>\n\n\t\t<\/div> \n\t<\/div> \t<div class=\"vc_empty_space\"  style=\"height: 10px\" ><span\n\t\t\tclass=\"vc_empty_space_inner\">\n\t\t\t<span class=\"empty_space_image\"  ><\/span>\n\t\t<\/span><\/div>\n\n\n\t<div class=\"wpb_text_column wpb_content_element \">\n\t\t<div class=\"wpb_wrapper\">\n\t\t\t<p style=\"text-align: left;\">En busca de inversiones extranjeras para financiar y sostener los megaproyectos de la administraci\u00f3n de <strong>Andr\u00e9s Manuel L\u00f3pez Obrador<\/strong>, altos funcionarios federales ofrecieron una serie de argumentos a los diplom\u00e1ticos mexicanos para que promocionen en el exterior el Tren Maya y el Corredor Trans\u00edstmico.<\/p>\n<p>La reuni\u00f3n permiti\u00f3 conocer m\u00e1s detalles acerca del Corredor Trans\u00edstmico, un megaproyecto que pretende unir con un ferrocarril los puertos de Salinas Cruz, Oaxaca, y Coatzacoalcos, Veracruz, pero tambi\u00e9n plantea la creaci\u00f3n de 10 parques industriales \u2013con programas de incentivos fiscales \u201cm\u00e1s agresivos\u201d que en la zona fronteriza\u2013, la renovaci\u00f3n de puertos, aeropuertos y carreteras, y un gasoducto, entre otros.<\/p>\n\n\t\t<\/div> \n\t<\/div> \t<div class=\"vc_empty_space\"  style=\"height: 20px\" ><span\n\t\t\tclass=\"vc_empty_space_inner\">\n\t\t\t<span class=\"empty_space_image\"  ><\/span>\n\t\t<\/span><\/div>\n\n<\/div><\/div><\/div><\/div><\/div>\n\t\t\t<\/div>\n\t\t\t\t<\/div>\n\n\t\t\t\t<h5 class=\"clearfix title-holder\" style=\"color: #6d6d6d; background-color: #eaeaea;\"><span class=\"accordion_mark left_mark\"><span class=\"accordion_mark_icon\"><\/span><\/span><span class=\"tab-title\">01 OCT, 2019 - FERROVIARIAS PIERDEN VOLUMEN; FIT Y KCSM AL ALZA<\/span><span class=\"accordion_mark right_mark\"><span class=\"accordion_mark_icon\"><\/span><\/span><\/h5>\n\t\t\t\t<div  class=\"accordion_content no_icon\">\n\t\t\t<div class=\"accordion_content_inner\">\n\t\t\t\t<div      class=\"vc_row wpb_row section vc_row-fluid vc_inner \" style=' text-align:left;'><div class=\" full_section_inner clearfix\"><div class=\"wpb_column vc_column_container vc_col-sm-3\"><div class=\"vc_column-inner\"><div class=\"wpb_wrapper\">\t<div class=\"vc_empty_space\"  style=\"height: 60px\" ><span\n\t\t\tclass=\"vc_empty_space_inner\">\n\t\t\t<span class=\"empty_space_image\"  ><\/span>\n\t\t<\/span><\/div>\n\n\n\t<div class=\"wpb_single_image wpb_content_element vc_align_center\">\n\t\t<div class=\"wpb_wrapper\">\n\t\t\t\n\t\t\t<div class=\"vc_single_image-wrapper vc_box_circle  vc_box_border_grey\"><img decoding=\"async\" width=\"150\" height=\"150\" data-src=\"https:\/\/adhocconsultores.com.mx\/wp-content\/uploads\/2019\/10\/Ferroviarias-pierden-volumen-150x150.jpg\" class=\"vc_single_image-img attachment-thumbnail lazyload\" alt=\"\" data-srcset=\"https:\/\/adhocconsultores.com.mx\/wp-content\/uploads\/2019\/10\/Ferroviarias-pierden-volumen-150x150.jpg 150w, https:\/\/adhocconsultores.com.mx\/wp-content\/uploads\/2019\/10\/Ferroviarias-pierden-volumen-500x500.jpg 500w\" data-sizes=\"(max-width: 150px) 100vw, 150px\" src=\"data:image\/svg+xml;base64,PHN2ZyB3aWR0aD0iMSIgaGVpZ2h0PSIxIiB4bWxucz0iaHR0cDovL3d3dy53My5vcmcvMjAwMC9zdmciPjwvc3ZnPg==\" style=\"--smush-placeholder-width: 150px; --smush-placeholder-aspect-ratio: 150\/150;\" \/><\/div>\n\t\t<\/div>\n\t<\/div>\n\t<div class=\"vc_empty_space\"  style=\"height: 20px\" ><span\n\t\t\tclass=\"vc_empty_space_inner\">\n\t\t\t<span class=\"empty_space_image\"  ><\/span>\n\t\t<\/span><\/div>\n\n\n\t<div class=\"wpb_text_column wpb_content_element \">\n\t\t<div class=\"wpb_wrapper\">\n\t\t\t<h6 style=\"text-align: center;\"><span class=\"post-created\">01 OCT, 2019<\/span><span class=\"post-created\"> &#8211; <\/span><span class=\"post-meta-user\"><i class=\"fa fa-user\"><\/i>\u00a0<span class=\"username\" xml:lang=\"\">Luis Alberto Zanela<\/span><\/span><\/h6>\n\n\t\t<\/div> \n\t<\/div> <\/div><\/div><\/div><div class=\"wpb_column vc_column_container vc_col-sm-9\"><div class=\"vc_column-inner\"><div class=\"wpb_wrapper\">\t<div class=\"vc_empty_space\"  style=\"height: 20px\" ><span\n\t\t\tclass=\"vc_empty_space_inner\">\n\t\t\t<span class=\"empty_space_image\"  ><\/span>\n\t\t<\/span><\/div>\n\n\n\t<div class=\"wpb_text_column wpb_content_element \">\n\t\t<div class=\"wpb_wrapper\">\n\t\t\t<h6 style=\"color: #848484; text-align: left;\"><strong>Lee la noticia completa aqu\u00ed:<\/strong><\/h6>\n\n\t\t<\/div> \n\t<\/div> \t<div class=\"vc_empty_space\"  style=\"height: 20px\" ><span\n\t\t\tclass=\"vc_empty_space_inner\">\n\t\t\t<span class=\"empty_space_image\"  ><\/span>\n\t\t<\/span><\/div>\n\n\n\t<div class=\"wpb_text_column wpb_content_element \">\n\t\t<div class=\"wpb_wrapper\">\n\t\t\t<h4 style=\"text-align: left;\"><a href=\"http:\/\/t21.com.mx\/ferroviario\/2019\/10\/01\/ferroviarias-pierden-volumen-fit-kcsm-alza\">FERROVIARIAS PIERDEN VOLUMEN; FIT Y KCSM AL ALZA<\/a><\/h4>\n\n\t\t<\/div> \n\t<\/div> \t<div class=\"vc_empty_space\"  style=\"height: 10px\" ><span\n\t\t\tclass=\"vc_empty_space_inner\">\n\t\t\t<span class=\"empty_space_image\"  ><\/span>\n\t\t<\/span><\/div>\n\n\n\t<div class=\"wpb_text_column wpb_content_element \">\n\t\t<div class=\"wpb_wrapper\">\n\t\t\t<p style=\"text-align: left;\">El periodo enero-julio de 2019 finaliz\u00f3 con bajas en el volumen de carga transportado por las concesionarias y asignatarias a trav\u00e9s del Sistema Ferroviario Mexicano, en proporci\u00f3n al mismo periodo de 2018, salvo por el Ferrocarril del Istmo de Tehuantepec (FIT) y Kansas City Southern de M\u00e9xico (KCSM) que fueron las \u00fanicas que reportaron crecimiento en el lapso, de acuerdo con las cifras mensuales de la\u00a0<a href=\"https:\/\/www.gob.mx\/sct\">Secretar\u00eda de Comunicaciones y Transportes (SCT)<\/a>.<\/p>\n<p style=\"text-align: left;\">En este sentido, el\u00a0<a href=\"https:\/\/www.ferroistmo.com.mx\/\">FIT<\/a>\u00a0registr\u00f3 un alza de 14.3% al comparar 400 mil toneladas, respecto a las 350 mil toneladas del a\u00f1o previo.<\/p>\n<p style=\"text-align: left;\">Por su parte,\u00a0<a href=\"https:\/\/www.kcsouthern.com\/en-us\/\">KCSM<\/a>\u00a0cerr\u00f3 el periodo enero-julio de 2019 con un tr\u00e1fico de carga de 25 millones 487 mil toneladas, lo que deriv\u00f3 en una diferencia de 0.3% ante las 25 millones 422 toneladas del a\u00f1o anterior.<\/p>\n\n\t\t<\/div> \n\t<\/div> \t<div class=\"vc_empty_space\"  style=\"height: 20px\" ><span\n\t\t\tclass=\"vc_empty_space_inner\">\n\t\t\t<span class=\"empty_space_image\"  ><\/span>\n\t\t<\/span><\/div>\n\n<\/div><\/div><\/div><\/div><\/div>\n\t\t\t<\/div>\n\t\t\t\t<\/div>\n\n\t\t\t\t<h5 class=\"clearfix title-holder\" style=\"color: #6d6d6d; background-color: #eaeaea;\"><span class=\"accordion_mark left_mark\"><span class=\"accordion_mark_icon\"><\/span><\/span><span class=\"tab-title\">27 SEP, 2019 - PUERTOS MEXICANOS SE ESTANCAN EN MOVIMIENTO DE VEH\u00cdCULOS<\/span><span class=\"accordion_mark right_mark\"><span class=\"accordion_mark_icon\"><\/span><\/span><\/h5>\n\t\t\t\t<div  class=\"accordion_content no_icon\">\n\t\t\t<div class=\"accordion_content_inner\">\n\t\t\t\t<div      class=\"vc_row wpb_row section vc_row-fluid vc_inner \" style=' text-align:left;'><div class=\" full_section_inner clearfix\"><div class=\"wpb_column vc_column_container vc_col-sm-3\"><div class=\"vc_column-inner\"><div class=\"wpb_wrapper\">\t<div class=\"vc_empty_space\"  style=\"height: 60px\" ><span\n\t\t\tclass=\"vc_empty_space_inner\">\n\t\t\t<span class=\"empty_space_image\"  ><\/span>\n\t\t<\/span><\/div>\n\n\n\t<div class=\"wpb_single_image wpb_content_element vc_align_center\">\n\t\t<div class=\"wpb_wrapper\">\n\t\t\t\n\t\t\t<div class=\"vc_single_image-wrapper vc_box_circle  vc_box_border_grey\"><img decoding=\"async\" width=\"150\" height=\"150\" data-src=\"https:\/\/adhocconsultores.com.mx\/wp-content\/uploads\/2019\/10\/Puertos-Mexicanos-150x150.jpg\" class=\"vc_single_image-img attachment-thumbnail lazyload\" alt=\"\" data-srcset=\"https:\/\/adhocconsultores.com.mx\/wp-content\/uploads\/2019\/10\/Puertos-Mexicanos-150x150.jpg 150w, https:\/\/adhocconsultores.com.mx\/wp-content\/uploads\/2019\/10\/Puertos-Mexicanos-500x500.jpg 500w\" data-sizes=\"(max-width: 150px) 100vw, 150px\" src=\"data:image\/svg+xml;base64,PHN2ZyB3aWR0aD0iMSIgaGVpZ2h0PSIxIiB4bWxucz0iaHR0cDovL3d3dy53My5vcmcvMjAwMC9zdmciPjwvc3ZnPg==\" style=\"--smush-placeholder-width: 150px; --smush-placeholder-aspect-ratio: 150\/150;\" \/><\/div>\n\t\t<\/div>\n\t<\/div>\n\t<div class=\"vc_empty_space\"  style=\"height: 20px\" ><span\n\t\t\tclass=\"vc_empty_space_inner\">\n\t\t\t<span class=\"empty_space_image\"  ><\/span>\n\t\t<\/span><\/div>\n\n\n\t<div class=\"wpb_text_column wpb_content_element \">\n\t\t<div class=\"wpb_wrapper\">\n\t\t\t<h6 style=\"text-align: center;\"><span class=\"post-created\">27 Sep, 2019 &#8211; <\/span><span class=\"post-meta-user\"><i class=\"fa fa-user\"><\/i>\u00a0<span class=\"username\" xml:lang=\"\">Luis Alberto Zanela<\/span><\/span><\/h6>\n\n\t\t<\/div> \n\t<\/div> <\/div><\/div><\/div><div class=\"wpb_column vc_column_container vc_col-sm-9\"><div class=\"vc_column-inner\"><div class=\"wpb_wrapper\">\t<div class=\"vc_empty_space\"  style=\"height: 20px\" ><span\n\t\t\tclass=\"vc_empty_space_inner\">\n\t\t\t<span class=\"empty_space_image\"  ><\/span>\n\t\t<\/span><\/div>\n\n\n\t<div class=\"wpb_text_column wpb_content_element \">\n\t\t<div class=\"wpb_wrapper\">\n\t\t\t<h6 style=\"color: #848484; text-align: left;\"><strong>Lee la noticia completa aqu\u00ed:<\/strong><\/h6>\n\n\t\t<\/div> \n\t<\/div> \t<div class=\"vc_empty_space\"  style=\"height: 20px\" ><span\n\t\t\tclass=\"vc_empty_space_inner\">\n\t\t\t<span class=\"empty_space_image\"  ><\/span>\n\t\t<\/span><\/div>\n\n\n\t<div class=\"wpb_text_column wpb_content_element \">\n\t\t<div class=\"wpb_wrapper\">\n\t\t\t<h4 style=\"text-align: left;\"><a href=\"http:\/\/t21.com.mx\/maritimo\/2019\/09\/27\/puertos-mexicanos-se-estancan-movimiento-vehiculos\">PUERTOS MEXICANOS SE ESTANCAN EN MOVIMIENTO DE VEH\u00cdCULOS<\/a><\/h4>\n\n\t\t<\/div> \n\t<\/div> \t<div class=\"vc_empty_space\"  style=\"height: 10px\" ><span\n\t\t\tclass=\"vc_empty_space_inner\">\n\t\t\t<span class=\"empty_space_image\"  ><\/span>\n\t\t<\/span><\/div>\n\n\n\t<div class=\"wpb_text_column wpb_content_element \">\n\t\t<div class=\"wpb_wrapper\">\n\t\t\t<p style=\"text-align: left;\">Los puertos nacionales registraron el movimiento de un mill\u00f3n 342 mil 794 veh\u00edculos automotores durante el periodo enero-agosto de 2019, seg\u00fan cifras de la\u00a0<a href=\"https:\/\/www.gob.mx\/sct\">Secretar\u00eda de Comunicaciones y Transportes (SCT)<\/a>. Esto significa\u00a0<strong>solo un 0.1% m\u00e1s si se comparan con un mill\u00f3n 341 mil 762 unidades<\/strong>\u00a0operadas en el mismo lapso de 2018.<\/p>\n<p style=\"text-align: left;\">Lo anterior se explica por\u00a0<strong>un -4.1% en el mercado de importaci\u00f3n<\/strong>, pues los puertos registraron la maniobra de 513 mil 931 veh\u00edculos de enero a agosto de este a\u00f1o, contra 536 mil 063 del mismo ciclo de 2018.<\/p>\n\n\t\t<\/div> \n\t<\/div> \t<div class=\"vc_empty_space\"  style=\"height: 20px\" ><span\n\t\t\tclass=\"vc_empty_space_inner\">\n\t\t\t<span class=\"empty_space_image\"  ><\/span>\n\t\t<\/span><\/div>\n\n<\/div><\/div><\/div><\/div><\/div>\n\t\t\t<\/div>\n\t\t\t\t<\/div>\n\n\t\t\t\t<h5 class=\"clearfix title-holder\" style=\"color: #6d6d6d; background-color: #eaeaea;\"><span class=\"accordion_mark left_mark\"><span class=\"accordion_mark_icon\"><\/span><\/span><span class=\"tab-title\">24 SEP, 2019 - ARRANCAN OBRAS DE AMPLIACI\u00d3N DE LA T2 DEL AICM<\/span><span class=\"accordion_mark right_mark\"><span class=\"accordion_mark_icon\"><\/span><\/span><\/h5>\n\t\t\t\t<div  class=\"accordion_content no_icon\">\n\t\t\t<div class=\"accordion_content_inner\">\n\t\t\t\t<div      class=\"vc_row wpb_row section vc_row-fluid vc_inner \" style=' text-align:left;'><div class=\" full_section_inner clearfix\"><div class=\"wpb_column vc_column_container vc_col-sm-3\"><div class=\"vc_column-inner\"><div class=\"wpb_wrapper\">\t<div class=\"vc_empty_space\"  style=\"height: 60px\" ><span\n\t\t\tclass=\"vc_empty_space_inner\">\n\t\t\t<span class=\"empty_space_image\"  ><\/span>\n\t\t<\/span><\/div>\n\n\n\t<div class=\"wpb_single_image wpb_content_element vc_align_center\">\n\t\t<div class=\"wpb_wrapper\">\n\t\t\t\n\t\t\t<div class=\"vc_single_image-wrapper vc_box_circle  vc_box_border_grey\"><img decoding=\"async\" width=\"150\" height=\"150\" data-src=\"https:\/\/adhocconsultores.com.mx\/wp-content\/uploads\/2019\/10\/AICM-T2-150x150.jpg\" class=\"vc_single_image-img attachment-thumbnail lazyload\" alt=\"\" data-srcset=\"https:\/\/adhocconsultores.com.mx\/wp-content\/uploads\/2019\/10\/AICM-T2-150x150.jpg 150w, https:\/\/adhocconsultores.com.mx\/wp-content\/uploads\/2019\/10\/AICM-T2-500x500.jpg 500w\" data-sizes=\"(max-width: 150px) 100vw, 150px\" src=\"data:image\/svg+xml;base64,PHN2ZyB3aWR0aD0iMSIgaGVpZ2h0PSIxIiB4bWxucz0iaHR0cDovL3d3dy53My5vcmcvMjAwMC9zdmciPjwvc3ZnPg==\" style=\"--smush-placeholder-width: 150px; --smush-placeholder-aspect-ratio: 150\/150;\" \/><\/div>\n\t\t<\/div>\n\t<\/div>\n\t<div class=\"vc_empty_space\"  style=\"height: 20px\" ><span\n\t\t\tclass=\"vc_empty_space_inner\">\n\t\t\t<span class=\"empty_space_image\"  ><\/span>\n\t\t<\/span><\/div>\n\n\n\t<div class=\"wpb_text_column wpb_content_element \">\n\t\t<div class=\"wpb_wrapper\">\n\t\t\t<h6 style=\"text-align: center;\"><span class=\"post-created\">24 Sep, 2019 &#8211; <\/span><span class=\"post-meta-user\"><i class=\"fa fa-user\"><\/i>\u00a0<span class=\"username\" xml:lang=\"\">Irais Garc\u00eda Morales<\/span><\/span><\/h6>\n\n\t\t<\/div> \n\t<\/div> <\/div><\/div><\/div><div class=\"wpb_column vc_column_container vc_col-sm-9\"><div class=\"vc_column-inner\"><div class=\"wpb_wrapper\">\t<div class=\"vc_empty_space\"  style=\"height: 20px\" ><span\n\t\t\tclass=\"vc_empty_space_inner\">\n\t\t\t<span class=\"empty_space_image\"  ><\/span>\n\t\t<\/span><\/div>\n\n\n\t<div class=\"wpb_text_column wpb_content_element \">\n\t\t<div class=\"wpb_wrapper\">\n\t\t\t<h6 style=\"color: #848484; text-align: left;\"><strong>Lee la noticia completa aqu\u00ed:<\/strong><\/h6>\n\n\t\t<\/div> \n\t<\/div> \t<div class=\"vc_empty_space\"  style=\"height: 20px\" ><span\n\t\t\tclass=\"vc_empty_space_inner\">\n\t\t\t<span class=\"empty_space_image\"  ><\/span>\n\t\t<\/span><\/div>\n\n\n\t<div class=\"wpb_text_column wpb_content_element \">\n\t\t<div class=\"wpb_wrapper\">\n\t\t\t<h4 style=\"text-align: left;\"><a href=\"http:\/\/t21.com.mx\/aereo\/2019\/09\/24\/arrancan-obras-ampliacion-t2-aicm\">ARRANCAN OBRAS DE AMPLIACI\u00d3N DE LA T2 DEL AICM<\/a><\/h4>\n\n\t\t<\/div> \n\t<\/div> \t<div class=\"vc_empty_space\"  style=\"height: 10px\" ><span\n\t\t\tclass=\"vc_empty_space_inner\">\n\t\t\t<span class=\"empty_space_image\"  ><\/span>\n\t\t<\/span><\/div>\n\n\n\t<div class=\"wpb_text_column wpb_content_element \">\n\t\t<div class=\"wpb_wrapper\">\n\t\t\t<p style=\"text-align: left;\">La\u00a0<a href=\"https:\/\/www.gob.mx\/sct\">Secretar\u00eda de Comunicaciones y Transportes (SCT)<\/a>\u00a0inform\u00f3 que inici\u00f3 la construcci\u00f3n de un edificio en forma de \u201cL\u201d, como parte de la ampliaci\u00f3n de la Terminal 2 del\u00a0<a href=\"https:\/\/www.aicm.com.mx\/\">Aeropuerto Internacional de la Ciudad de M\u00e9xico (AICM)<\/a>.<\/p>\n<blockquote>\n<p style=\"text-align: left;\">Este edificio contar\u00e1 con nuevas salas de abordaje, siete posiciones de contacto y un pasillo que conectar\u00e1 directo a la sala 75 de la Terminal 2, lo que les permitir\u00e1 a los pasajeros una estancia m\u00e1s c\u00f3moda y segura.<\/p>\n<\/blockquote>\n<p style=\"text-align: left;\"><strong>La inversi\u00f3n para esta obra se estima en 371.5 millones de pesos<\/strong>\u00a0y se realizar\u00e1 en una superficie de cuatro mil 29 metros cuadrados. La nueva construcci\u00f3n de tres niveles contar\u00e1 con: Planta Baja, Nivel Principal y Mezzanine, se ubicar\u00e1 en la zona suroeste del AICM, atr\u00e1s de las v\u00edas del Aerotr\u00e9n, a la altura de la avenida Hangares.<\/p>\n\n\t\t<\/div> \n\t<\/div> \t<div class=\"vc_empty_space\"  style=\"height: 20px\" ><span\n\t\t\tclass=\"vc_empty_space_inner\">\n\t\t\t<span class=\"empty_space_image\"  ><\/span>\n\t\t<\/span><\/div>\n\n<\/div><\/div><\/div><\/div><\/div>\n\t\t\t<\/div>\n\t\t\t\t<\/div>\n\n\t\t\t\t<h5 class=\"clearfix title-holder\" style=\"color: #6d6d6d; background-color: #eaeaea;\"><span class=\"accordion_mark left_mark\"><span class=\"accordion_mark_icon\"><\/span><\/span><span class=\"tab-title\">10 SEP, 2019 - SANTA LUC\u00cdA, CON PRESUPUESTO PARA 2020<\/span><span class=\"accordion_mark right_mark\"><span class=\"accordion_mark_icon\"><\/span><\/span><\/h5>\n\t\t\t\t<div  class=\"accordion_content no_icon\">\n\t\t\t<div class=\"accordion_content_inner\">\n\t\t\t\t<div      class=\"vc_row wpb_row section vc_row-fluid vc_inner \" style=' text-align:left;'><div class=\" full_section_inner clearfix\"><div class=\"wpb_column vc_column_container vc_col-sm-3\"><div class=\"vc_column-inner\"><div class=\"wpb_wrapper\">\t<div class=\"vc_empty_space\"  style=\"height: 60px\" ><span\n\t\t\tclass=\"vc_empty_space_inner\">\n\t\t\t<span class=\"empty_space_image\"  ><\/span>\n\t\t<\/span><\/div>\n\n\n\t<div class=\"wpb_single_image wpb_content_element vc_align_center\">\n\t\t<div class=\"wpb_wrapper\">\n\t\t\t\n\t\t\t<div class=\"vc_single_image-wrapper vc_box_circle  vc_box_border_grey\"><img decoding=\"async\" width=\"150\" height=\"150\" data-src=\"https:\/\/adhocconsultores.com.mx\/wp-content\/uploads\/2019\/10\/santa_lucia_ok_2-150x150.jpg\" class=\"vc_single_image-img attachment-thumbnail lazyload\" alt=\"\" data-srcset=\"https:\/\/adhocconsultores.com.mx\/wp-content\/uploads\/2019\/10\/santa_lucia_ok_2-150x150.jpg 150w, https:\/\/adhocconsultores.com.mx\/wp-content\/uploads\/2019\/10\/santa_lucia_ok_2-500x500.jpg 500w\" data-sizes=\"(max-width: 150px) 100vw, 150px\" src=\"data:image\/svg+xml;base64,PHN2ZyB3aWR0aD0iMSIgaGVpZ2h0PSIxIiB4bWxucz0iaHR0cDovL3d3dy53My5vcmcvMjAwMC9zdmciPjwvc3ZnPg==\" style=\"--smush-placeholder-width: 150px; --smush-placeholder-aspect-ratio: 150\/150;\" \/><\/div>\n\t\t<\/div>\n\t<\/div>\n\t<div class=\"vc_empty_space\"  style=\"height: 20px\" ><span\n\t\t\tclass=\"vc_empty_space_inner\">\n\t\t\t<span class=\"empty_space_image\"  ><\/span>\n\t\t<\/span><\/div>\n\n\n\t<div class=\"wpb_text_column wpb_content_element \">\n\t\t<div class=\"wpb_wrapper\">\n\t\t\t<h6 style=\"text-align: center;\"><span class=\"post-created\">10 Sep, 2019 &#8211; <\/span><span class=\"post-meta-user\"><i class=\"fa fa-user\"><\/i>\u00a0<span class=\"username\" xml:lang=\"\">Irais Garc\u00eda Morales<\/span><\/span><\/h6>\n\n\t\t<\/div> \n\t<\/div> <\/div><\/div><\/div><div class=\"wpb_column vc_column_container vc_col-sm-9\"><div class=\"vc_column-inner\"><div class=\"wpb_wrapper\">\t<div class=\"vc_empty_space\"  style=\"height: 20px\" ><span\n\t\t\tclass=\"vc_empty_space_inner\">\n\t\t\t<span class=\"empty_space_image\"  ><\/span>\n\t\t<\/span><\/div>\n\n\n\t<div class=\"wpb_text_column wpb_content_element \">\n\t\t<div class=\"wpb_wrapper\">\n\t\t\t<h6 style=\"color: #848484; text-align: left;\"><strong>Lee la noticia completa aqu\u00ed:<\/strong><\/h6>\n\n\t\t<\/div> \n\t<\/div> \t<div class=\"vc_empty_space\"  style=\"height: 20px\" ><span\n\t\t\tclass=\"vc_empty_space_inner\">\n\t\t\t<span class=\"empty_space_image\"  ><\/span>\n\t\t<\/span><\/div>\n\n\n\t<div class=\"wpb_text_column wpb_content_element \">\n\t\t<div class=\"wpb_wrapper\">\n\t\t\t<h4 style=\"text-align: left;\"><a href=\"http:\/\/t21.com.mx\/aereo\/2019\/09\/10\/santa-lucia-presupuesto-2020\">SANTA LUC\u00cdA, CON PRESUPUESTO PARA 2020<\/a><\/h4>\n\n\t\t<\/div> \n\t<\/div> \t<div class=\"vc_empty_space\"  style=\"height: 10px\" ><span\n\t\t\tclass=\"vc_empty_space_inner\">\n\t\t\t<span class=\"empty_space_image\"  ><\/span>\n\t\t<\/span><\/div>\n\n\n\t<div class=\"wpb_text_column wpb_content_element \">\n\t\t<div class=\"wpb_wrapper\">\n\t\t\t<p style=\"text-align: left;\">Pese a que las obras que dar\u00e1n paso a que la Base A\u00e9rea de Santa Luc\u00eda se convierta en el\u00a0<a href=\"https:\/\/www.gob.mx\/aisl\">Aeropuerto Internacional de Santa Luc\u00eda<\/a>\u00a0est\u00e1n detenidas debido a diversos amparos interpuestos por el colectivo\u00a0<strong>#NoM\u00e1sDerroches<\/strong>, el Proyecto del Presupuesto de Egresos de la Federaci\u00f3n (PPEF) considera un monto a ejercer para 2020 de cinco mil 372 millones 242 mil 103 pesos.<\/p>\n<p style=\"text-align: left;\">Destaca que este proyecto tiene un flujo estimado por 63 mil 624 millones 980 mil 974 pesos para el a\u00f1o 2020; mientras que para 2021 se estima un flujo de cuatro mil 140 millones 901 mil 323 pesos, que en conjunto con los 27 mil 494 millones 546 mil 242 pesos que marca en el rubro de a\u00f1os anteriores, da un total de 95 mil 260 millones 428 mil 539 pesos, cifra, que de acuerdo con el PPEF es el monto total de la obra.<\/p>\n\n\t\t<\/div> \n\t<\/div> \t<div class=\"vc_empty_space\"  style=\"height: 20px\" ><span\n\t\t\tclass=\"vc_empty_space_inner\">\n\t\t\t<span class=\"empty_space_image\"  ><\/span>\n\t\t<\/span><\/div>\n\n<\/div><\/div><\/div><\/div><\/div>\n\t\t\t<\/div>\n\t\t\t\t<\/div>\n\n\t\t\t\t<h5 class=\"clearfix title-holder\" style=\"color: #6d6d6d; background-color: #eaeaea;\"><span class=\"accordion_mark left_mark\"><span class=\"accordion_mark_icon\"><\/span><\/span><span class=\"tab-title\">02 SEP, 2019 - AVANCE DEL CORREDOR INTEROCE\u00c1NICO DEL ISTMO DE TEHUANTEPEC<\/span><span class=\"accordion_mark right_mark\"><span class=\"accordion_mark_icon\"><\/span><\/span><\/h5>\n\t\t\t\t<div  class=\"accordion_content no_icon\">\n\t\t\t<div class=\"accordion_content_inner\">\n\t\t\t\t<div      class=\"vc_row wpb_row section vc_row-fluid vc_inner \" style=' text-align:left;'><div class=\" full_section_inner clearfix\"><div class=\"wpb_column vc_column_container vc_col-sm-3 vc_hidden-sm vc_hidden-xs\"><div class=\"vc_column-inner\"><div class=\"wpb_wrapper\">\t<div class=\"vc_empty_space\"  style=\"height: 60px\" ><span\n\t\t\tclass=\"vc_empty_space_inner\">\n\t\t\t<span class=\"empty_space_image\"  ><\/span>\n\t\t<\/span><\/div>\n\n\n\t<div class=\"wpb_single_image wpb_content_element vc_align_center\">\n\t\t<div class=\"wpb_wrapper\">\n\t\t\t\n\t\t\t<div class=\"vc_single_image-wrapper vc_box_circle  vc_box_border_grey\"><img decoding=\"async\" width=\"150\" height=\"150\" data-src=\"https:\/\/adhocconsultores.com.mx\/wp-content\/uploads\/2019\/10\/istmo_ffcc_ok_0-150x150.jpg\" class=\"vc_single_image-img attachment-thumbnail lazyload\" alt=\"\" data-srcset=\"https:\/\/adhocconsultores.com.mx\/wp-content\/uploads\/2019\/10\/istmo_ffcc_ok_0-150x150.jpg 150w, https:\/\/adhocconsultores.com.mx\/wp-content\/uploads\/2019\/10\/istmo_ffcc_ok_0-500x500.jpg 500w\" data-sizes=\"(max-width: 150px) 100vw, 150px\" src=\"data:image\/svg+xml;base64,PHN2ZyB3aWR0aD0iMSIgaGVpZ2h0PSIxIiB4bWxucz0iaHR0cDovL3d3dy53My5vcmcvMjAwMC9zdmciPjwvc3ZnPg==\" style=\"--smush-placeholder-width: 150px; --smush-placeholder-aspect-ratio: 150\/150;\" \/><\/div>\n\t\t<\/div>\n\t<\/div>\n\t<div class=\"vc_empty_space\"  style=\"height: 20px\" ><span\n\t\t\tclass=\"vc_empty_space_inner\">\n\t\t\t<span class=\"empty_space_image\"  ><\/span>\n\t\t<\/span><\/div>\n\n\n\t<div class=\"wpb_text_column wpb_content_element \">\n\t\t<div class=\"wpb_wrapper\">\n\t\t\t<h6 style=\"text-align: center;\"><span class=\"post-created\">02 Sep, 2019 &#8211; <\/span><span class=\"post-meta-user\"><i class=\"fa fa-user\"><\/i>\u00a0<span class=\"username\" xml:lang=\"\">Irais Garc\u00eda Morales<\/span><\/span><\/h6>\n\n\t\t<\/div> \n\t<\/div> <\/div><\/div><\/div><div class=\"wpb_column vc_column_container vc_col-sm-9 vc_hidden-sm vc_hidden-xs\"><div class=\"vc_column-inner\"><div class=\"wpb_wrapper\">\t<div class=\"vc_empty_space\"  style=\"height: 20px\" ><span\n\t\t\tclass=\"vc_empty_space_inner\">\n\t\t\t<span class=\"empty_space_image\"  ><\/span>\n\t\t<\/span><\/div>\n\n\n\t<div class=\"wpb_text_column wpb_content_element \">\n\t\t<div class=\"wpb_wrapper\">\n\t\t\t<h6 style=\"color: #848484; text-align: left;\"><strong>Lee la noticia completa aqu\u00ed:<\/strong><\/h6>\n\n\t\t<\/div> \n\t<\/div> \t<div class=\"vc_empty_space\"  style=\"height: 20px\" ><span\n\t\t\tclass=\"vc_empty_space_inner\">\n\t\t\t<span class=\"empty_space_image\"  ><\/span>\n\t\t<\/span><\/div>\n\n\n\t<div class=\"wpb_text_column wpb_content_element \">\n\t\t<div class=\"wpb_wrapper\">\n\t\t\t<h4 style=\"color: #2670ca; text-align: left;\"><a href=\"http:\/\/t21.com.mx\/ferroviario\/2019\/09\/02\/avance-corredor-interoceanico-istmo-tehuantepec\">AVANCE DEL CORREDOR INTEROCE\u00c1NICO DEL ISTMO DE TEHUANTEPEC<\/a><\/h4>\n\n\t\t<\/div> \n\t<\/div> \t<div class=\"vc_empty_space\"  style=\"height: 10px\" ><span\n\t\t\tclass=\"vc_empty_space_inner\">\n\t\t\t<span class=\"empty_space_image\"  ><\/span>\n\t\t<\/span><\/div>\n\n\n\t<div class=\"wpb_text_column wpb_content_element \">\n\t\t<div class=\"wpb_wrapper\">\n\t\t\t<p style=\"text-align: left;\">El proyecto del Corredor Interoce\u00e1nico del Istmo de Tehuantepec, una de las apuestas en infraestructura del gobierno federal, ya cuenta con avances, de acuerdo con el documento del Primer Informe de Gobierno de M\u00e9xico.<\/p>\n<p>&nbsp;<\/p>\n<p style=\"text-align: left;\">El proyecto comprende la ampliaci\u00f3n de los puertos de Salina Cruz, en Oaxaca, y el de Coatzacoalcos, en Veracruz, adem\u00e1s de la modernizaci\u00f3n de las v\u00edas del tren de carga que ya existen y que conectan al oc\u00e9ano Pac\u00edfico con el Golfo de M\u00e9xico, con el fin de brindar una opci\u00f3n de conexi\u00f3n a Asia con la Costa este de los Estados Unidos.<\/p>\n\n\t\t<\/div> \n\t<\/div> \t<div class=\"vc_empty_space\"  style=\"height: 20px\" ><span\n\t\t\tclass=\"vc_empty_space_inner\">\n\t\t\t<span class=\"empty_space_image\"  ><\/span>\n\t\t<\/span><\/div>\n\n<\/div><\/div><\/div><\/div><\/div>\n\t\t\t<\/div>\n\t\t\t\t<\/div>\n\n\t<\/div> <\/div><\/div><\/div><div class=\"wpb_column vc_column_container vc_col-sm-2 vc_hidden-sm vc_hidden-xs\"><div class=\"vc_column-inner\"><div class=\"wpb_wrapper\"><\/div><\/div><\/div><\/div><\/div><div      class=\"vc_row wpb_row section vc_row-fluid \" style=' text-align:left;'><div class=\" full_section_inner clearfix\"><div class=\"wpb_column vc_column_container vc_col-sm-12 vc_hidden-lg vc_hidden-md\"><div class=\"vc_column-inner vc_custom_1577374056628\"><div class=\"wpb_wrapper\">\n\t<div class=\"q_accordion_holder clearfix wpb_content_element toggle without_icon  not-column-inherit\" data-active-tab=\"1\" data-collapsible=\"no\" data-border-radius=\"\">\n\t\t\t\n\t\t\t\t<h5 class=\"clearfix title-holder\" style=\"color: #6d6d6d; background-color: #eaeaea;\"><span class=\"accordion_mark left_mark\"><span class=\"accordion_mark_icon\"><\/span><\/span><span class=\"tab-title\">01 OCT, 2019 - FERROVIARIAS PIERDEN VOLUMEN; FIT Y KCSM AL ALZA<\/span><span class=\"accordion_mark right_mark\"><span class=\"accordion_mark_icon\"><\/span><\/span><\/h5>\n\t\t\t\t<div  class=\"accordion_content no_icon\">\n\t\t\t<div class=\"accordion_content_inner\">\n\t\t\t\t<div      class=\"vc_row wpb_row section vc_row-fluid vc_inner \" style=' text-align:left;'><div class=\" full_section_inner clearfix\"><div class=\"wpb_column vc_column_container vc_col-sm-8 vc_col-has-fill\"><div class=\"vc_column-inner vc_custom_1577378735128\"><div class=\"wpb_wrapper\">\t<div class=\"vc_empty_space\"  style=\"height: 20px\" ><span\n\t\t\tclass=\"vc_empty_space_inner\">\n\t\t\t<span class=\"empty_space_image\"  ><\/span>\n\t\t<\/span><\/div>\n\n\n\t<div class=\"wpb_single_image wpb_content_element vc_align_center\">\n\t\t<div class=\"wpb_wrapper\">\n\t\t\t\n\t\t\t<div class=\"vc_single_image-wrapper vc_box_circle  vc_box_border_grey\"><img decoding=\"async\" width=\"150\" height=\"150\" data-src=\"https:\/\/adhocconsultores.com.mx\/wp-content\/uploads\/2019\/10\/Ferroviarias-pierden-volumen-150x150.jpg\" class=\"vc_single_image-img attachment-thumbnail lazyload\" alt=\"\" data-srcset=\"https:\/\/adhocconsultores.com.mx\/wp-content\/uploads\/2019\/10\/Ferroviarias-pierden-volumen-150x150.jpg 150w, https:\/\/adhocconsultores.com.mx\/wp-content\/uploads\/2019\/10\/Ferroviarias-pierden-volumen-500x500.jpg 500w\" data-sizes=\"(max-width: 150px) 100vw, 150px\" src=\"data:image\/svg+xml;base64,PHN2ZyB3aWR0aD0iMSIgaGVpZ2h0PSIxIiB4bWxucz0iaHR0cDovL3d3dy53My5vcmcvMjAwMC9zdmciPjwvc3ZnPg==\" style=\"--smush-placeholder-width: 150px; --smush-placeholder-aspect-ratio: 150\/150;\" \/><\/div>\n\t\t<\/div>\n\t<\/div>\n\t<div class=\"vc_empty_space\"  style=\"height: 60px\" ><span\n\t\t\tclass=\"vc_empty_space_inner\">\n\t\t\t<span class=\"empty_space_image\"  ><\/span>\n\t\t<\/span><\/div>\n\n\n\t<div class=\"wpb_text_column wpb_content_element \">\n\t\t<div class=\"wpb_wrapper\">\n\t\t\t<h6 style=\"text-align: left;\"><span class=\"post-created\">01 OCT, 2019<\/span><span class=\"post-created\"> &#8211; <\/span><span class=\"post-meta-user\"><i class=\"fa fa-user\"><\/i>\u00a0<span class=\"username\" xml:lang=\"\">Luis Alberto Zanela<\/span><\/span><\/h6>\n\n\t\t<\/div> \n\t<\/div> \t<div class=\"vc_empty_space\"  style=\"height: 20px\" ><span\n\t\t\tclass=\"vc_empty_space_inner\">\n\t\t\t<span class=\"empty_space_image\"  ><\/span>\n\t\t<\/span><\/div>\n\n\n\t<div class=\"wpb_text_column wpb_content_element \">\n\t\t<div class=\"wpb_wrapper\">\n\t\t\t<h6 style=\"color: #848484; text-align: left;\"><strong>Lee la noticia completa aqu\u00ed:<\/strong><\/h6>\n\n\t\t<\/div> \n\t<\/div> \t<div class=\"vc_empty_space\"  style=\"height: 20px\" ><span\n\t\t\tclass=\"vc_empty_space_inner\">\n\t\t\t<span class=\"empty_space_image\"  ><\/span>\n\t\t<\/span><\/div>\n\n\n\t<div class=\"wpb_text_column wpb_content_element \">\n\t\t<div class=\"wpb_wrapper\">\n\t\t\t<h4 style=\"text-align: left;\"><a href=\"http:\/\/t21.com.mx\/ferroviario\/2019\/10\/01\/ferroviarias-pierden-volumen-fit-kcsm-alza\">FERROVIARIAS PIERDEN VOLUMEN; FIT Y KCSM AL ALZA<\/a><\/h4>\n\n\t\t<\/div> \n\t<\/div> \t<div class=\"vc_empty_space\"  style=\"height: 10px\" ><span\n\t\t\tclass=\"vc_empty_space_inner\">\n\t\t\t<span class=\"empty_space_image\"  ><\/span>\n\t\t<\/span><\/div>\n\n\n\t<div class=\"wpb_text_column wpb_content_element  vc_custom_1577378744100\">\n\t\t<div class=\"wpb_wrapper\">\n\t\t\t<p style=\"text-align: left;\">El periodo enero-julio de 2019 finaliz\u00f3 con bajas en el volumen de carga transportado por las concesionarias y asignatarias a trav\u00e9s del Sistema Ferroviario Mexicano, en proporci\u00f3n al mismo periodo de 2018, salvo por el Ferrocarril del Istmo de Tehuantepec (FIT) y Kansas City Southern de M\u00e9xico (KCSM) que fueron las \u00fanicas que reportaron crecimiento en el lapso, de acuerdo con las cifras mensuales de la\u00a0<a href=\"https:\/\/www.gob.mx\/sct\">Secretar\u00eda de Comunicaciones y Transportes (SCT)<\/a>.<\/p>\n<p style=\"text-align: left;\">En este sentido, el\u00a0<a href=\"https:\/\/www.ferroistmo.com.mx\/\">FIT<\/a>\u00a0registr\u00f3 un alza de 14.3% al comparar 400 mil toneladas, respecto a las 350 mil toneladas del a\u00f1o previo.<\/p>\n<p style=\"text-align: left;\">Por su parte,\u00a0<a href=\"https:\/\/www.kcsouthern.com\/en-us\/\">KCSM<\/a>\u00a0cerr\u00f3 el periodo enero-julio de 2019 con un tr\u00e1fico de carga de 25 millones 487 mil toneladas, lo que deriv\u00f3 en una diferencia de 0.3% ante las 25 millones 422 toneladas del a\u00f1o anterior.<\/p>\n\n\t\t<\/div> \n\t<\/div> \t<div class=\"vc_empty_space\"  style=\"height: 20px\" ><span\n\t\t\tclass=\"vc_empty_space_inner\">\n\t\t\t<span class=\"empty_space_image\"  ><\/span>\n\t\t<\/span><\/div>\n\n<\/div><\/div><\/div><div class=\"wpb_column vc_column_container vc_col-sm-4\"><div class=\"vc_column-inner\"><div class=\"wpb_wrapper\"><\/div><\/div><\/div><\/div><\/div>\n\t\t\t<\/div>\n\t\t\t\t<\/div>\n\n\t\t\t\t<h5 class=\"clearfix title-holder\" style=\"color: #6d6d6d; background-color: #eaeaea;\"><span class=\"accordion_mark left_mark\"><span class=\"accordion_mark_icon\"><\/span><\/span><span class=\"tab-title\">27 SEP, 2019 - PUERTOS MEXICANOS SE ESTANCAN EN MOVIMIENTO DE VEH\u00cdCULOS<\/span><span class=\"accordion_mark right_mark\"><span class=\"accordion_mark_icon\"><\/span><\/span><\/h5>\n\t\t\t\t<div  class=\"accordion_content no_icon\">\n\t\t\t<div class=\"accordion_content_inner\">\n\t\t\t\t<div      class=\"vc_row wpb_row section vc_row-fluid vc_inner \" style=' text-align:left;'><div class=\" full_section_inner clearfix\"><div class=\"wpb_column vc_column_container vc_col-sm-8\"><div class=\"vc_column-inner vc_custom_1577378524828\"><div class=\"wpb_wrapper\">\t<div class=\"vc_empty_space\"  style=\"height: 20px\" ><span\n\t\t\tclass=\"vc_empty_space_inner\">\n\t\t\t<span class=\"empty_space_image\"  ><\/span>\n\t\t<\/span><\/div>\n\n\n\t<div class=\"wpb_single_image wpb_content_element vc_align_center\">\n\t\t<div class=\"wpb_wrapper\">\n\t\t\t\n\t\t\t<div class=\"vc_single_image-wrapper vc_box_circle  vc_box_border_grey\"><img decoding=\"async\" width=\"150\" height=\"150\" data-src=\"https:\/\/adhocconsultores.com.mx\/wp-content\/uploads\/2019\/10\/Puertos-Mexicanos-150x150.jpg\" class=\"vc_single_image-img attachment-thumbnail lazyload\" alt=\"\" data-srcset=\"https:\/\/adhocconsultores.com.mx\/wp-content\/uploads\/2019\/10\/Puertos-Mexicanos-150x150.jpg 150w, https:\/\/adhocconsultores.com.mx\/wp-content\/uploads\/2019\/10\/Puertos-Mexicanos-500x500.jpg 500w\" data-sizes=\"(max-width: 150px) 100vw, 150px\" src=\"data:image\/svg+xml;base64,PHN2ZyB3aWR0aD0iMSIgaGVpZ2h0PSIxIiB4bWxucz0iaHR0cDovL3d3dy53My5vcmcvMjAwMC9zdmciPjwvc3ZnPg==\" style=\"--smush-placeholder-width: 150px; --smush-placeholder-aspect-ratio: 150\/150;\" \/><\/div>\n\t\t<\/div>\n\t<\/div>\n\t<div class=\"vc_empty_space\"  style=\"height: 60px\" ><span\n\t\t\tclass=\"vc_empty_space_inner\">\n\t\t\t<span class=\"empty_space_image\"  ><\/span>\n\t\t<\/span><\/div>\n\n\n\t<div class=\"wpb_text_column wpb_content_element \">\n\t\t<div class=\"wpb_wrapper\">\n\t\t\t<h6 style=\"text-align: left;\"><span class=\"post-created\">27 Sep, 2019 &#8211; <\/span><span class=\"post-meta-user\"><i class=\"fa fa-user\"><\/i>\u00a0<span class=\"username\" xml:lang=\"\">Luis Alberto Zanela<\/span><\/span><\/h6>\n\n\t\t<\/div> \n\t<\/div> \t<div class=\"vc_empty_space\"  style=\"height: 20px\" ><span\n\t\t\tclass=\"vc_empty_space_inner\">\n\t\t\t<span class=\"empty_space_image\"  ><\/span>\n\t\t<\/span><\/div>\n\n\n\t<div class=\"wpb_text_column wpb_content_element \">\n\t\t<div class=\"wpb_wrapper\">\n\t\t\t<h6 style=\"color: #848484; text-align: left;\"><strong>Lee la noticia completa aqu\u00ed:<\/strong><\/h6>\n\n\t\t<\/div> \n\t<\/div> \t<div class=\"vc_empty_space\"  style=\"height: 20px\" ><span\n\t\t\tclass=\"vc_empty_space_inner\">\n\t\t\t<span class=\"empty_space_image\"  ><\/span>\n\t\t<\/span><\/div>\n\n\n\t<div class=\"wpb_text_column wpb_content_element \">\n\t\t<div class=\"wpb_wrapper\">\n\t\t\t<h4 style=\"text-align: left;\"><a href=\"http:\/\/t21.com.mx\/maritimo\/2019\/09\/27\/puertos-mexicanos-se-estancan-movimiento-vehiculos\">PUERTOS MEXICANOS SE ESTANCAN EN MOVIMIENTO DE VEH\u00cdCULOS<\/a><\/h4>\n\n\t\t<\/div> \n\t<\/div> \t<div class=\"vc_empty_space\"  style=\"height: 10px\" ><span\n\t\t\tclass=\"vc_empty_space_inner\">\n\t\t\t<span class=\"empty_space_image\"  ><\/span>\n\t\t<\/span><\/div>\n\n\n\t<div class=\"wpb_text_column wpb_content_element  vc_custom_1577378536318\">\n\t\t<div class=\"wpb_wrapper\">\n\t\t\t<p style=\"text-align: left;\">Los puertos nacionales registraron el movimiento de un mill\u00f3n 342 mil 794 veh\u00edculos automotores durante el periodo enero-agosto de 2019, seg\u00fan cifras de la\u00a0<a href=\"https:\/\/www.gob.mx\/sct\">Secretar\u00eda de Comunicaciones y Transportes (SCT)<\/a>. Esto significa\u00a0<strong>solo un 0.1% m\u00e1s si se comparan con un mill\u00f3n 341 mil 762 unidades<\/strong>\u00a0operadas en el mismo lapso de 2018.<\/p>\n<p style=\"text-align: left;\">Lo anterior se explica por\u00a0<strong>un -4.1% en el mercado de importaci\u00f3n<\/strong>, pues los puertos registraron la maniobra de 513 mil 931 veh\u00edculos de enero a agosto de este a\u00f1o, contra 536 mil 063 del mismo ciclo de 2018.<\/p>\n\n\t\t<\/div> \n\t<\/div> \t<div class=\"vc_empty_space\"  style=\"height: 20px\" ><span\n\t\t\tclass=\"vc_empty_space_inner\">\n\t\t\t<span class=\"empty_space_image\"  ><\/span>\n\t\t<\/span><\/div>\n\n<\/div><\/div><\/div><div class=\"wpb_column vc_column_container vc_col-sm-4\"><div class=\"vc_column-inner\"><div class=\"wpb_wrapper\"><\/div><\/div><\/div><\/div><\/div>\n\t\t\t<\/div>\n\t\t\t\t<\/div>\n\n\t\t\t\t<h5 class=\"clearfix title-holder\" style=\"color: #6d6d6d; background-color: #eaeaea;\"><span class=\"accordion_mark left_mark\"><span class=\"accordion_mark_icon\"><\/span><\/span><span class=\"tab-title\">24 SEP, 2019 - ARRANCAN OBRAS DE AMPLIACI\u00d3N DE LA T2 DEL AICM<\/span><span class=\"accordion_mark right_mark\"><span class=\"accordion_mark_icon\"><\/span><\/span><\/h5>\n\t\t\t\t<div  class=\"accordion_content no_icon\">\n\t\t\t<div class=\"accordion_content_inner\">\n\t\t\t\t<div      class=\"vc_row wpb_row section vc_row-fluid vc_inner \" style=' text-align:left;'><div class=\" full_section_inner clearfix\"><div class=\"wpb_column vc_column_container vc_col-sm-8\"><div class=\"vc_column-inner vc_custom_1577375885850\"><div class=\"wpb_wrapper\">\t<div class=\"vc_empty_space\"  style=\"height: 20px\" ><span\n\t\t\tclass=\"vc_empty_space_inner\">\n\t\t\t<span class=\"empty_space_image\"  ><\/span>\n\t\t<\/span><\/div>\n\n\n\t<div class=\"wpb_single_image wpb_content_element vc_align_center\">\n\t\t<div class=\"wpb_wrapper\">\n\t\t\t\n\t\t\t<div class=\"vc_single_image-wrapper vc_box_circle  vc_box_border_grey\"><img decoding=\"async\" width=\"150\" height=\"150\" data-src=\"https:\/\/adhocconsultores.com.mx\/wp-content\/uploads\/2019\/10\/AICM-T2-150x150.jpg\" class=\"vc_single_image-img attachment-thumbnail lazyload\" alt=\"\" data-srcset=\"https:\/\/adhocconsultores.com.mx\/wp-content\/uploads\/2019\/10\/AICM-T2-150x150.jpg 150w, https:\/\/adhocconsultores.com.mx\/wp-content\/uploads\/2019\/10\/AICM-T2-500x500.jpg 500w\" data-sizes=\"(max-width: 150px) 100vw, 150px\" src=\"data:image\/svg+xml;base64,PHN2ZyB3aWR0aD0iMSIgaGVpZ2h0PSIxIiB4bWxucz0iaHR0cDovL3d3dy53My5vcmcvMjAwMC9zdmciPjwvc3ZnPg==\" style=\"--smush-placeholder-width: 150px; --smush-placeholder-aspect-ratio: 150\/150;\" \/><\/div>\n\t\t<\/div>\n\t<\/div>\n\t<div class=\"vc_empty_space\"  style=\"height: 60px\" ><span\n\t\t\tclass=\"vc_empty_space_inner\">\n\t\t\t<span class=\"empty_space_image\"  ><\/span>\n\t\t<\/span><\/div>\n\n\n\t<div class=\"wpb_text_column wpb_content_element \">\n\t\t<div class=\"wpb_wrapper\">\n\t\t\t<h6 style=\"text-align: left;\"><span class=\"post-created\">24 Sep, 2019 &#8211; <\/span><span class=\"post-meta-user\"><i class=\"fa fa-user\"><\/i>\u00a0<span class=\"username\" xml:lang=\"\">Irais Garc\u00eda Morales<\/span><\/span><\/h6>\n\n\t\t<\/div> \n\t<\/div> \t<div class=\"vc_empty_space\"  style=\"height: 20px\" ><span\n\t\t\tclass=\"vc_empty_space_inner\">\n\t\t\t<span class=\"empty_space_image\"  ><\/span>\n\t\t<\/span><\/div>\n\n\n\t<div class=\"wpb_text_column wpb_content_element \">\n\t\t<div class=\"wpb_wrapper\">\n\t\t\t<h6 style=\"color: #848484; text-align: left;\"><strong>Lee la noticia completa aqu\u00ed:<\/strong><\/h6>\n\n\t\t<\/div> \n\t<\/div> \t<div class=\"vc_empty_space\"  style=\"height: 20px\" ><span\n\t\t\tclass=\"vc_empty_space_inner\">\n\t\t\t<span class=\"empty_space_image\"  ><\/span>\n\t\t<\/span><\/div>\n\n\n\t<div class=\"wpb_text_column wpb_content_element \">\n\t\t<div class=\"wpb_wrapper\">\n\t\t\t<h4 style=\"text-align: left;\"><a href=\"http:\/\/t21.com.mx\/aereo\/2019\/09\/24\/arrancan-obras-ampliacion-t2-aicm\">ARRANCAN OBRAS DE AMPLIACI\u00d3N DE LA T2 DEL AICM<\/a><\/h4>\n\n\t\t<\/div> \n\t<\/div> \t<div class=\"vc_empty_space\"  style=\"height: 10px\" ><span\n\t\t\tclass=\"vc_empty_space_inner\">\n\t\t\t<span class=\"empty_space_image\"  ><\/span>\n\t\t<\/span><\/div>\n\n\n\t<div class=\"wpb_text_column wpb_content_element  vc_custom_1577378447309\">\n\t\t<div class=\"wpb_wrapper\">\n\t\t\t<p style=\"text-align: left;\">La\u00a0<a href=\"https:\/\/www.gob.mx\/sct\">Secretar\u00eda de Comunicaciones y Transportes (SCT)<\/a>\u00a0inform\u00f3 que inici\u00f3 la construcci\u00f3n de un edificio en forma de \u201cL\u201d, como parte de la ampliaci\u00f3n de la Terminal 2 del\u00a0<a href=\"https:\/\/www.aicm.com.mx\/\">Aeropuerto Internacional de la Ciudad de M\u00e9xico (AICM)<\/a>.<\/p>\n<blockquote>\n<p style=\"text-align: left;\">Este edificio contar\u00e1 con nuevas salas de abordaje, siete posiciones de contacto y un pasillo que conectar\u00e1 directo a la sala 75 de la Terminal 2, lo que les permitir\u00e1 a los pasajeros una estancia m\u00e1s c\u00f3moda y segura.<\/p>\n<\/blockquote>\n<p style=\"text-align: left;\"><strong>La inversi\u00f3n para esta obra se estima en 371.5 millones de pesos<\/strong>\u00a0y se realizar\u00e1 en una superficie de cuatro mil 29 metros cuadrados. La nueva construcci\u00f3n de tres niveles contar\u00e1 con: Planta Baja, Nivel Principal y Mezzanine, se ubicar\u00e1 en la zona suroeste del AICM, atr\u00e1s de las v\u00edas del Aerotr\u00e9n, a la altura de la avenida Hangares.<\/p>\n\n\t\t<\/div> \n\t<\/div> \t<div class=\"vc_empty_space\"  style=\"height: 20px\" ><span\n\t\t\tclass=\"vc_empty_space_inner\">\n\t\t\t<span class=\"empty_space_image\"  ><\/span>\n\t\t<\/span><\/div>\n\n<\/div><\/div><\/div><div class=\"wpb_column vc_column_container vc_col-sm-4\"><div class=\"vc_column-inner\"><div class=\"wpb_wrapper\"><\/div><\/div><\/div><\/div><\/div>\n\t\t\t<\/div>\n\t\t\t\t<\/div>\n\n\t\t\t\t<h5 class=\"clearfix title-holder\" style=\"color: #6d6d6d; background-color: #eaeaea;\"><span class=\"accordion_mark left_mark\"><span class=\"accordion_mark_icon\"><\/span><\/span><span class=\"tab-title\">10 SEP, 2019 - SANTA LUC\u00cdA, CON PRESUPUESTO PARA 2020<\/span><span class=\"accordion_mark right_mark\"><span class=\"accordion_mark_icon\"><\/span><\/span><\/h5>\n\t\t\t\t<div  class=\"accordion_content no_icon\">\n\t\t\t<div class=\"accordion_content_inner\">\n\t\t\t\t<div      class=\"vc_row wpb_row section vc_row-fluid vc_inner \" style=' text-align:left;'><div class=\" full_section_inner clearfix\"><div class=\"wpb_column vc_column_container vc_col-sm-8\"><div class=\"vc_column-inner vc_custom_1577375051055\"><div class=\"wpb_wrapper\">\t<div class=\"vc_empty_space\"  style=\"height: 20px\" ><span\n\t\t\tclass=\"vc_empty_space_inner\">\n\t\t\t<span class=\"empty_space_image\"  ><\/span>\n\t\t<\/span><\/div>\n\n\n\t<div class=\"wpb_single_image wpb_content_element vc_align_center\">\n\t\t<div class=\"wpb_wrapper\">\n\t\t\t\n\t\t\t<div class=\"vc_single_image-wrapper vc_box_circle  vc_box_border_grey\"><img decoding=\"async\" width=\"150\" height=\"150\" data-src=\"https:\/\/adhocconsultores.com.mx\/wp-content\/uploads\/2019\/10\/santa_lucia_ok_2-150x150.jpg\" class=\"vc_single_image-img attachment-thumbnail lazyload\" alt=\"\" data-srcset=\"https:\/\/adhocconsultores.com.mx\/wp-content\/uploads\/2019\/10\/santa_lucia_ok_2-150x150.jpg 150w, https:\/\/adhocconsultores.com.mx\/wp-content\/uploads\/2019\/10\/santa_lucia_ok_2-500x500.jpg 500w\" data-sizes=\"(max-width: 150px) 100vw, 150px\" src=\"data:image\/svg+xml;base64,PHN2ZyB3aWR0aD0iMSIgaGVpZ2h0PSIxIiB4bWxucz0iaHR0cDovL3d3dy53My5vcmcvMjAwMC9zdmciPjwvc3ZnPg==\" style=\"--smush-placeholder-width: 150px; --smush-placeholder-aspect-ratio: 150\/150;\" \/><\/div>\n\t\t<\/div>\n\t<\/div>\n\t<div class=\"vc_empty_space\"  style=\"height: 60px\" ><span\n\t\t\tclass=\"vc_empty_space_inner\">\n\t\t\t<span class=\"empty_space_image\"  ><\/span>\n\t\t<\/span><\/div>\n\n\n\t<div class=\"wpb_text_column wpb_content_element \">\n\t\t<div class=\"wpb_wrapper\">\n\t\t\t<h6 style=\"text-align: left;\"><span class=\"post-created\">10 Sep, 2019 &#8211; <\/span><span class=\"post-meta-user\"><i class=\"fa fa-user\"><\/i>\u00a0<span class=\"username\" xml:lang=\"\">Irais Garc\u00eda Morales<\/span><\/span><\/h6>\n\n\t\t<\/div> \n\t<\/div> \t<div class=\"vc_empty_space\"  style=\"height: 20px\" ><span\n\t\t\tclass=\"vc_empty_space_inner\">\n\t\t\t<span class=\"empty_space_image\"  ><\/span>\n\t\t<\/span><\/div>\n\n\n\t<div class=\"wpb_text_column wpb_content_element \">\n\t\t<div class=\"wpb_wrapper\">\n\t\t\t<h6 style=\"color: #848484; text-align: left;\"><strong>Lee la noticia completa aqu\u00ed:<\/strong><\/h6>\n\n\t\t<\/div> \n\t<\/div> \t<div class=\"vc_empty_space\"  style=\"height: 20px\" ><span\n\t\t\tclass=\"vc_empty_space_inner\">\n\t\t\t<span class=\"empty_space_image\"  ><\/span>\n\t\t<\/span><\/div>\n\n\n\t<div class=\"wpb_text_column wpb_content_element \">\n\t\t<div class=\"wpb_wrapper\">\n\t\t\t<h4 style=\"text-align: left;\"><a href=\"http:\/\/t21.com.mx\/aereo\/2019\/09\/10\/santa-lucia-presupuesto-2020\">SANTA LUC\u00cdA, CON PRESUPUESTO PARA 2020<\/a><\/h4>\n\n\t\t<\/div> \n\t<\/div> \t<div class=\"vc_empty_space\"  style=\"height: 10px\" ><span\n\t\t\tclass=\"vc_empty_space_inner\">\n\t\t\t<span class=\"empty_space_image\"  ><\/span>\n\t\t<\/span><\/div>\n\n\n\t<div class=\"wpb_text_column wpb_content_element  vc_custom_1577375826339\">\n\t\t<div class=\"wpb_wrapper\">\n\t\t\t<p style=\"text-align: left;\">Pese a que las obras que dar\u00e1n paso a que la Base A\u00e9rea de Santa Luc\u00eda se convierta en el\u00a0<a href=\"https:\/\/www.gob.mx\/aisl\">Aeropuerto Internacional de Santa Luc\u00eda<\/a>\u00a0est\u00e1n detenidas debido a diversos amparos interpuestos por el colectivo\u00a0<strong>#NoM\u00e1sDerroches<\/strong>, el Proyecto del Presupuesto de Egresos de la Federaci\u00f3n (PPEF) considera un monto a ejercer para 2020 de cinco mil 372 millones 242 mil 103 pesos.<\/p>\n<p style=\"text-align: left;\">Destaca que este proyecto tiene un flujo estimado por 63 mil 624 millones 980 mil 974 pesos para el a\u00f1o 2020; mientras que para 2021 se estima un flujo de cuatro mil 140 millones 901 mil 323 pesos, que en conjunto con los 27 mil 494 millones 546 mil 242 pesos que marca en el rubro de a\u00f1os anteriores, da un total de 95 mil 260 millones 428 mil 539 pesos, cifra, que de acuerdo con el PPEF es el monto total de la obra.<\/p>\n\n\t\t<\/div> \n\t<\/div> \t<div class=\"vc_empty_space\"  style=\"height: 20px\" ><span\n\t\t\tclass=\"vc_empty_space_inner\">\n\t\t\t<span class=\"empty_space_image\"  ><\/span>\n\t\t<\/span><\/div>\n\n<\/div><\/div><\/div><div class=\"wpb_column vc_column_container vc_col-sm-4\"><div class=\"vc_column-inner\"><div class=\"wpb_wrapper\"><\/div><\/div><\/div><\/div><\/div>\n\t\t\t<\/div>\n\t\t\t\t<\/div>\n\n\t\t\t\t<h5 class=\"clearfix title-holder\" style=\"color: #6d6d6d; background-color: #eaeaea;\"><span class=\"accordion_mark left_mark\"><span class=\"accordion_mark_icon\"><\/span><\/span><span class=\"tab-title\">02 SEP, 2019 - AVANCE DEL CORREDOR INTEROCE\u00c1NICO DEL ISTMO DE TEHUANTEPEC<\/span><span class=\"accordion_mark right_mark\"><span class=\"accordion_mark_icon\"><\/span><\/span><\/h5>\n\t\t\t\t<div  class=\"accordion_content no_icon\">\n\t\t\t<div class=\"accordion_content_inner\">\n\t\t\t\t<div      class=\"vc_row wpb_row section vc_row-fluid vc_inner \" style=' text-align:left;'><div class=\" full_section_inner clearfix\"><div class=\"wpb_column vc_column_container vc_col-sm-8\"><div class=\"vc_column-inner vc_custom_1577375042133\"><div class=\"wpb_wrapper\">\t<div class=\"vc_empty_space\"  style=\"height: 20px\" ><span\n\t\t\tclass=\"vc_empty_space_inner\">\n\t\t\t<span class=\"empty_space_image\"  ><\/span>\n\t\t<\/span><\/div>\n\n\n\t<div class=\"wpb_single_image wpb_content_element vc_align_center\">\n\t\t<div class=\"wpb_wrapper\">\n\t\t\t\n\t\t\t<div class=\"vc_single_image-wrapper vc_box_circle  vc_box_border_grey\"><img decoding=\"async\" width=\"150\" height=\"150\" data-src=\"https:\/\/adhocconsultores.com.mx\/wp-content\/uploads\/2019\/10\/istmo_ffcc_ok_0-150x150.jpg\" class=\"vc_single_image-img attachment-thumbnail lazyload\" alt=\"\" data-srcset=\"https:\/\/adhocconsultores.com.mx\/wp-content\/uploads\/2019\/10\/istmo_ffcc_ok_0-150x150.jpg 150w, https:\/\/adhocconsultores.com.mx\/wp-content\/uploads\/2019\/10\/istmo_ffcc_ok_0-500x500.jpg 500w\" data-sizes=\"(max-width: 150px) 100vw, 150px\" src=\"data:image\/svg+xml;base64,PHN2ZyB3aWR0aD0iMSIgaGVpZ2h0PSIxIiB4bWxucz0iaHR0cDovL3d3dy53My5vcmcvMjAwMC9zdmciPjwvc3ZnPg==\" style=\"--smush-placeholder-width: 150px; --smush-placeholder-aspect-ratio: 150\/150;\" \/><\/div>\n\t\t<\/div>\n\t<\/div>\n\t<div class=\"vc_empty_space\"  style=\"height: 60px\" ><span\n\t\t\tclass=\"vc_empty_space_inner\">\n\t\t\t<span class=\"empty_space_image\"  ><\/span>\n\t\t<\/span><\/div>\n\n\n\t<div class=\"wpb_text_column wpb_content_element \">\n\t\t<div class=\"wpb_wrapper\">\n\t\t\t<h6 style=\"text-align: left;\"><span class=\"post-created\">02 Sep, 2019 &#8211; <\/span><span class=\"post-meta-user\"><i class=\"fa fa-user\"><\/i>\u00a0<span class=\"username\" xml:lang=\"\">Irais Garc\u00eda Morales<\/span><\/span><\/h6>\n\n\t\t<\/div> \n\t<\/div> \t<div class=\"vc_empty_space\"  style=\"height: 20px\" ><span\n\t\t\tclass=\"vc_empty_space_inner\">\n\t\t\t<span class=\"empty_space_image\"  ><\/span>\n\t\t<\/span><\/div>\n\n\n\t<div class=\"wpb_text_column wpb_content_element \">\n\t\t<div class=\"wpb_wrapper\">\n\t\t\t<h6 style=\"color: #848484; text-align: left;\"><strong>Lee la noticia completa aqu\u00ed:<\/strong><\/h6>\n\n\t\t<\/div> \n\t<\/div> \t<div class=\"vc_empty_space\"  style=\"height: 20px\" ><span\n\t\t\tclass=\"vc_empty_space_inner\">\n\t\t\t<span class=\"empty_space_image\"  ><\/span>\n\t\t<\/span><\/div>\n\n\n\t<div class=\"wpb_text_column wpb_content_element \">\n\t\t<div class=\"wpb_wrapper\">\n\t\t\t<h4 style=\"color: #2670ca; text-align: left;\"><a href=\"http:\/\/t21.com.mx\/ferroviario\/2019\/09\/02\/avance-corredor-interoceanico-istmo-tehuantepec\">AVANCE DEL CORREDOR INTEROCE\u00c1NICO DEL ISTMO DE TEHUANTEPEC<\/a><\/h4>\n\n\t\t<\/div> \n\t<\/div> \t<div class=\"vc_empty_space\"  style=\"height: 10px\" ><span\n\t\t\tclass=\"vc_empty_space_inner\">\n\t\t\t<span class=\"empty_space_image\"  ><\/span>\n\t\t<\/span><\/div>\n\n\n\t<div class=\"wpb_text_column wpb_content_element  vc_custom_1577375836283\">\n\t\t<div class=\"wpb_wrapper\">\n\t\t\t<p style=\"text-align: left;\">El proyecto del Corredor Interoce\u00e1nico del Istmo de Tehuantepec, una de las apuestas en infraestructura del gobierno federal, ya cuenta con avances, de acuerdo con el documento del Primer Informe de Gobierno de M\u00e9xico.<\/p>\n<p>&nbsp;<\/p>\n<p style=\"text-align: left;\">El proyecto comprende la ampliaci\u00f3n de los puertos de Salina Cruz, en Oaxaca, y el de Coatzacoalcos, en Veracruz, adem\u00e1s de la modernizaci\u00f3n de las v\u00edas del tren de carga que ya existen y que conectan al oc\u00e9ano Pac\u00edfico con el Golfo de M\u00e9xico, con el fin de brindar una opci\u00f3n de conexi\u00f3n a Asia con la Costa este de los Estados Unidos.<\/p>\n\n\t\t<\/div> \n\t<\/div> \t<div class=\"vc_empty_space\"  style=\"height: 20px\" ><span\n\t\t\tclass=\"vc_empty_space_inner\">\n\t\t\t<span class=\"empty_space_image\"  ><\/span>\n\t\t<\/span><\/div>\n\n<\/div><\/div><\/div><div class=\"wpb_column vc_column_container vc_col-sm-4\"><div class=\"vc_column-inner\"><div class=\"wpb_wrapper\"><\/div><\/div><\/div><\/div><\/div>\n\t\t\t<\/div>\n\t\t\t\t<\/div>\n\n\t<\/div> <\/div><\/div><\/div><\/div><\/div><div      class=\"vc_row wpb_row section vc_row-fluid \" style=' text-align:left;'><div class=\" full_section_inner clearfix\"><div class=\"wpb_column vc_column_container vc_col-sm-12\"><div class=\"vc_column-inner\"><div class=\"wpb_wrapper\">\t<div class=\"vc_empty_space\"  style=\"height: 90px\" ><span\n\t\t\tclass=\"vc_empty_space_inner\">\n\t\t\t<span class=\"empty_space_image\"  ><\/span>\n\t\t<\/span><\/div>\n\n<\/div><\/div><\/div><\/div><\/div>\n","protected":false},"excerpt":{"rendered":"Noticias de Infraestructura En ADHOC nos esforzamos en mantenerlo informado sobre los acontecimientos relevantes del mundo de la infraestructura. 17 FEB, 2020 - AS\u00cd AVANZAN LAS OBRAS DEL AEROPUERTO DE SANTA LUC\u00cdA 17 FEB, 2020 - Ciudad de M\u00e9xico Lee la noticia completa aqu\u00ed: As\u00ed...","protected":false},"author":3,"featured_media":0,"parent":0,"menu_order":0,"comment_status":"closed","ping_status":"closed","template":"full_width.php","meta":{"footnotes":""},"class_list":["post-264","page","type-page","status-publish","hentry"],"_links":{"self":[{"href":"https:\/\/adhocconsultores.com.mx\/es\/wp-json\/wp\/v2\/pages\/264","targetHints":{"allow":["GET"]}}],"collection":[{"href":"https:\/\/adhocconsultores.com.mx\/es\/wp-json\/wp\/v2\/pages"}],"about":[{"href":"https:\/\/adhocconsultores.com.mx\/es\/wp-json\/wp\/v2\/types\/page"}],"author":[{"embeddable":true,"href":"https:\/\/adhocconsultores.com.mx\/es\/wp-json\/wp\/v2\/users\/3"}],"replies":[{"embeddable":true,"href":"https:\/\/adhocconsultores.com.mx\/es\/wp-json\/wp\/v2\/comments?post=264"}],"version-history":[{"count":1,"href":"https:\/\/adhocconsultores.com.mx\/es\/wp-json\/wp\/v2\/pages\/264\/revisions"}],"predecessor-version":[{"id":1488,"href":"https:\/\/adhocconsultores.com.mx\/es\/wp-json\/wp\/v2\/pages\/264\/revisions\/1488"}],"wp:attachment":[{"href":"https:\/\/adhocconsultores.com.mx\/es\/wp-json\/wp\/v2\/media?parent=264"}],"curies":[{"name":"wp","href":"https:\/\/api.w.org\/{rel}","templated":true}]}}